{"id":74290,"date":"2018-09-24T11:39:25","date_gmt":"2018-09-24T09:39:25","guid":{"rendered":"http:\/\/seminar-blaubeuren.de\/?page_id=74290"},"modified":"2025-12-02T11:16:15","modified_gmt":"2025-12-02T10:16:15","slug":"betreuung-im-internat","status":"publish","type":"page","link":"https:\/\/seminar-blaubeuren.de\/index.php\/internat\/betreuung-im-internat\/","title":{"rendered":"Betreuung am Semi"},"content":{"rendered":"<div class=\"wpb-content-wrapper\"><p>[vc_row][vc_column width=&#8220;1\/1&#8243;][vc_column_text]<\/p>\n<h2>Wie wird am Seminar Blaubeuren betreut? &#8211; Unser p\u00e4dagogisches Konzept<\/h2>\n<h3>Gemeinsames Leben und Lernen<\/h3>\n<p>Im Mittelpunkt des P\u00e4dagogischen Konzepts steht das gemeinsame Leben und Lernen im Kloster. Die Mehrzahl der Lehrenden (und einige Mitarbeitende) leben mit ihren Familien im Klosterhof, \u00fcberwiegend mit direkter Verbindung zu den Wohnbereichen der Seminaristen. Der Unterricht endet nicht an den T\u00fcren der Klassenzimmer, sondern wird h\u00e4ufig auch noch am Nachmittag und Abend weitergef\u00fchrt, es gibt viele Begegnungen. Und im Unterricht k\u00f6nnen die Lehrenden manches besser einsch\u00e4tzen, weil sie wissen, wie es manchen Sch\u00fclern gerade geht.[\/vc_column_text][vc_column_text]<\/p>\n<div id=\"c183\">\n<div class=\"container container--small\">\n<div class=\"ce-textpic ce-right ce-intext\">\n<div class=\"ce-bodytext margin-bottom-huge\">\n<h3>Betreuung allein durch Lehrkr\u00e4fte<\/h3>\n<p>F\u00fcr die Betreuung sind alle Lehrenden und dabei besonders die Pfarrerin und der Pfarrer am Seminar zust\u00e4ndig. Wieso das? Wenn man den Seminaristen in Schule und Internat begegnet, lernt man mehr Facetten von ihnen kennen. Wer in einem Fach vielleicht nicht so gut ist, k\u00fcmmert sich doch um andere oder beherrscht ein Instrument. Je mehr Facetten wir wahrnehmen, desto eher k\u00f6nnen wir einen positiven Blick auf die Seminaristinnen und Seminaristen gewinnen und behalten.<\/p>\n<\/div>\n<\/div>\n<\/div>\n<\/div>\n<p>[\/vc_column_text][vc_column_text]<\/p>\n<div id=\"c170\">\n<div class=\"container container--small\">\n<div class=\"ce-textpic ce-right ce-intext\">\n<div class=\"ce-bodytext margin-bottom-huge\">\n<h3>Betreuung im Einzelnen<\/h3>\n<p>F\u00fcr die Neuntkl\u00e4ssler sind die Pfarrerin und der Pfarrer die wichtigsten Betreuer, die anderen Lehrenden und besonders der Klassenlehrer oder die Klassenlehrerin sind mit zust\u00e4ndig. In den h\u00f6heren Klassen wird die Betreuung durch die Mentoren geleistet. Jeder Sch\u00fcler der Klassen 10 -12 w\u00e4hlt eine Lehrkraft als seinen Mentor oder seine Mentorin f\u00fcr ein Jahr selber.<\/p>\n<p>Mit diesem trifft man sich dann regelm\u00e4\u00dfig in der Gruppe und zu Einzelgespr\u00e4chen. Auf einen Mentor kommen f\u00fcnf bis sechs Seminaristen. Zus\u00e4tzlich hat der Ephorus feste Sprechzeiten.<\/p>\n<h3>Reisen und Exkursionen<\/h3>\n<p>Am Anfang der Klasse 9 steht eine erlebnisp\u00e4dagogische Freizeit mit Wanderungen und anderem im Alpenvorland. Diese Freizeit wird vom Klassenlehrer und der Pfarrerin und dem Pfarrer begleitet. Neben die j\u00e4hrlichen gro\u00dfen Fahrten (Griechenland, Rom, Berlin) treten viele Freizeiten und Tagesexkursionen (Klettergarten, Reichsparteitagsgel\u00e4nde, Ausstellungen, Trier, Dachau, usw.).<\/p>\n<\/div>\n<\/div>\n<\/div>\n<\/div>\n<p>[\/vc_column_text][vc_column_text]<\/p>\n<div id=\"c167\">\n<div class=\"container container--small\">\n<div class=\"ce-textpic ce-right ce-intext\">\n<div class=\"ce-bodytext margin-bottom-huge\">\n<h3>Betreuung konkret<\/h3>\n<p>Die t\u00e4gliche Betreuung haben immer ein Tageslehrer und eine Tageslehrerin, die am Tag die Begleitung \u00fcbernehmen, an Abenden und am Wochenende Angebote f\u00fcr die Seminaristen machen und die im Altbau im Lehrer\u00fcbernachtungszimmer bei den Neunt- und Zehntkl\u00e4sslern \u00fcbernachten. Durch wechselnde Betreuung k\u00f6nnen keine Abh\u00e4ngigkeitsverh\u00e4ltnisse entstehen, aus denen an anderen Internaten Missbrauchssituationen entstanden sind.<\/p>\n<h3>Raumkonzept<\/h3>\n<p>Im Haus der Elftkl\u00e4ssler \u2013 dem Forstamt \u2013 wohnen die Seminaristen, getrennt in Jungen- und M\u00e4dchenbereich, mit zwei Lehrerinnen im Haus, die dort ihre Wohnung haben. Die letzte Klasse, die Zw\u00f6lftkl\u00e4ssler, haben ihre Einzelzimmer im Neubau. Die Wohnung des Pfarrers ist in diesem Geb\u00e4ude. Mit jeder Klasse steigt das Ma\u00df an Freiheit und Selbstverantwortung.<\/p>\n<p>Dem Konzept liegt die Idee einer wachsenden Freiheit und Selbstverantwortung zugrunde.<\/p>\n<\/div>\n<\/div>\n<\/div>\n<\/div>\n<p>[\/vc_column_text][\/vc_column][\/vc_row]<\/p>\n<\/div>","protected":false},"excerpt":{"rendered":"<p>[vc_row][vc_column width=&#8220;1\/1&#8243;][vc_column_text] Wie wird am Seminar Blaubeuren betreut? &#8211; Unser p\u00e4dagogisches Konzept Gemeinsames Leben und Lernen Im Mittelpunkt des P\u00e4dagogischen [&hellip;]<\/p>\n","protected":false},"author":5,"featured_media":0,"parent":165,"menu_order":65,"comment_status":"closed","ping_status":"closed","template":"","meta":{"footnotes":""},"class_list":["post-74290","page","type-page","status-publish","hentry","page_category-internat"],"_links":{"self":[{"href":"https:\/\/seminar-blaubeuren.de\/index.php\/wp-json\/wp\/v2\/pages\/74290","targetHints":{"allow":["GET"]}}],"collection":[{"href":"https:\/\/seminar-blaubeuren.de\/index.php\/wp-json\/wp\/v2\/pages"}],"about":[{"href":"https:\/\/seminar-blaubeuren.de\/index.php\/wp-json\/wp\/v2\/types\/page"}],"author":[{"embeddable":true,"href":"https:\/\/seminar-blaubeuren.de\/index.php\/wp-json\/wp\/v2\/users\/5"}],"replies":[{"embeddable":true,"href":"https:\/\/seminar-blaubeuren.de\/index.php\/wp-json\/wp\/v2\/comments?post=74290"}],"version-history":[{"count":6,"href":"https:\/\/seminar-blaubeuren.de\/index.php\/wp-json\/wp\/v2\/pages\/74290\/revisions"}],"predecessor-version":[{"id":77779,"href":"https:\/\/seminar-blaubeuren.de\/index.php\/wp-json\/wp\/v2\/pages\/74290\/revisions\/77779"}],"up":[{"embeddable":true,"href":"https:\/\/seminar-blaubeuren.de\/index.php\/wp-json\/wp\/v2\/pages\/165"}],"wp:attachment":[{"href":"https:\/\/seminar-blaubeuren.de\/index.php\/wp-json\/wp\/v2\/media?parent=74290"}],"curies":[{"name":"wp","href":"https:\/\/api.w.org\/{rel}","templated":true}]}}